{"id":1136,"date":"2020-04-01T10:21:18","date_gmt":"2020-04-01T08:21:18","guid":{"rendered":"http:\/\/lctufbf.cluster020.hosting.ovh.net\/?page_id=1136"},"modified":"2026-03-29T23:33:04","modified_gmt":"2026-03-29T21:33:04","slug":"festival-fanfares","status":"publish","type":"page","link":"https:\/\/fanfare-zebaliz.com\/index.php\/festival-fanfares\/","title":{"rendered":"Festival FANFARES ! 2026"},"content":{"rendered":"\n<p><strong>En 2026, une nouvelle \u00e9dition du Festival se pr\u00e9pare<\/strong><\/p>\n\n\n\n<p>Apr\u00e8s une \u00e9dition encore incroyable en 2025, on a agrandi l&rsquo;\u00e9quipe qui organise le festival &#8230; Cette ann\u00e9e, la fanfare Z\u00e9baliz , Fanfarna\u00fcm, les Simili Cuivres, De si d&rsquo;Eusa et \u00e9videmment l&rsquo;OSL (Ouessant Sports Loisirs) et les incontournables villes de Brest et d&rsquo;Ouessant unissent leurs talents, leurs moyens (et leurs sous aussi) pour vous proposer une nouvelle \u00e9dition qui va encore faire du bruit dans les rues et sous les chapiteaux !<\/p>\n\n\n\n<p>Et comme on ne change pas une \u00e9quipe qui gagne, le programme va de nouveau se d\u00e9rouler \u00e0 Ouessant et \u00e0 Brest (<em>programme d\u00e9taill\u00e9 \u00e0 venir<\/em>)<\/p>\n\n\n\n<p class=\"has-text-align-center\"><strong><em>Les groupes invit\u00e9s&#8230;.<\/em><\/strong><\/p>\n\n\n\n<p class=\"has-text-align-center\">Voici les groupes que vous aurez le plaisir \u00e0 d\u00e9couvrir !<strong><br><\/strong><br><strong><a href=\"https:\/\/fanfare-zebaliz.com\/wp-content\/uploads\/2025\/04\/De-ci-dEusa_LT-2024.pdf\" target=\"_blank\" rel=\"noreferrer noopener\">De si d&rsquo;Eusa<\/a> (Ouessant)<br><a href=\"https:\/\/www.facebook.com\/p\/fanfarna%C3%BCm-100058821588668\/?locale=fr_FR\" target=\"_blank\" rel=\"noreferrer noopener\">Fanfarna\u00fcm<\/a> (Brest)<\/strong><br><strong><a href=\"https:\/\/www.facebook.com\/fanfaredelours\/?locale=fr_FR\" data-type=\"link\" data-id=\"https:\/\/www.facebook.com\/fanfaredelours\/?locale=fr_FR\">Fanfare de l&rsquo;Ours<\/a> (B\u00e9arn)<\/strong><br><strong><a href=\"https:\/\/www.tamm-kreiz.bzh\/groupe\/8673\/Fa%C3%B1far+Hej+da+Ru\" data-type=\"link\" data-id=\"https:\/\/www.tamm-kreiz.bzh\/groupe\/8673\/Fa%C3%B1far+Hej+da+Ru\">Hej da Ru<\/a> (Sizun)<\/strong><br><strong><a href=\"https:\/\/mudanza.fr\/\" data-type=\"link\" data-id=\"https:\/\/mudanza.fr\/\">Mudanza<\/a> (Salonde-Provence)<\/strong><br><strong><a href=\"https:\/\/skroks.com\/\" data-type=\"link\" data-id=\"https:\/\/skroks.com\/\">Skroks<\/a> (Angers)<\/strong><br><strong><a href=\"https:\/\/simili-cuivres.fr\/wp\/\" data-type=\"link\" data-id=\"https:\/\/simili-cuivres.fr\/wp\/\">Simili Cuivres<\/a> (Brest)<\/strong><br><strong><a href=\"https:\/\/www.fanfaretractopelle.fr\/\" data-type=\"link\" data-id=\"https:\/\/www.fanfaretractopelle.fr\/\">Tractopelle <\/a>(Lille)<\/strong><br><strong>et&#8230; la fanfare Z\u00e9baliz (Brest)<\/strong> (<em>qui gagne toujours le concours&#8230;<\/em>)<\/p>\n\n\n\n<p><\/p>\n\n\n<div class=\"wp-block-image\">\n<figure class=\"aligncenter size-large\"><a href=\"https:\/\/fanfare-zebaliz.com\/wp-content\/uploads\/2026\/03\/FANFARES-26-2__.jpg\"><img loading=\"lazy\" decoding=\"async\" width=\"690\" height=\"1024\" src=\"https:\/\/fanfare-zebaliz.com\/wp-content\/uploads\/2026\/03\/FANFARES-26-2__-690x1024.jpg\" alt=\"\" class=\"wp-image-1761\" srcset=\"https:\/\/fanfare-zebaliz.com\/wp-content\/uploads\/2026\/03\/FANFARES-26-2__-690x1024.jpg 690w, https:\/\/fanfare-zebaliz.com\/wp-content\/uploads\/2026\/03\/FANFARES-26-2__-404x600.jpg 404w, https:\/\/fanfare-zebaliz.com\/wp-content\/uploads\/2026\/03\/FANFARES-26-2__-768x1139.jpg 768w, https:\/\/fanfare-zebaliz.com\/wp-content\/uploads\/2026\/03\/FANFARES-26-2__-1035x1536.jpg 1035w, https:\/\/fanfare-zebaliz.com\/wp-content\/uploads\/2026\/03\/FANFARES-26-2__.jpg 1220w\" sizes=\"auto, (max-width: 690px) 100vw, 690px\" \/><\/a><\/figure>\n<\/div>\n\n\n<blockquote class=\"wp-block-quote is-layout-flow wp-block-quote-is-layout-flow\">\n<p>Affiche r\u00e9alis\u00e9e par Patrick Tranvouez, artiste peintre \u00e0 ses heures et musicien de Fanfarna\u00fcm de Brest !<br>Merci \u00e0 lui !!<\/p>\n<\/blockquote>\n\n\n\n<h2 class=\"wp-block-heading\">Le programme des festivit\u00e9s !<\/h2>\n\n\n\n<p class=\"has-text-align-center\"><em>Le programme d\u00e9finitif est en cours de finalisation : on le mettra en ligne d\u00e8s que possible !<\/em><\/p>\n\n\n\n<p class=\"has-text-align-center\"><mark style=\"background-color:rgba(0, 0, 0, 0)\" class=\"has-inline-color has-header-gradient-color\"><strong>INFO Bateau des fanfares<\/strong> : <\/mark><br>Les <strong>billets sont en vente : rendez-vous vite sur le <a href=\"https:\/\/pennarbed.breizhgo.bzh\/\" data-type=\"link\" data-id=\"https:\/\/pennarbed.breizhgo.bzh\/\">site de la compagnie maritime Penn-ar-Bed<\/a> <\/strong>pour r\u00e9server vos places : <br>d\u00e9p\u00eachez-vous, elles partent vite !<br><em>Aller : jeudi 14 mai 14h &#8211; Retour vendredi 15 mai 17h<\/em><br>Le <strong><a href=\"https:\/\/ot-ouessant.fr\/location-ouessant\/camping\/182-camping-municipal-penn-ar-bed.html\" data-type=\"link\" data-id=\"https:\/\/ot-ouessant.fr\/location-ouessant\/camping\/182-camping-municipal-penn-ar-bed.html\">camping municipal d&rsquo;Ouessant <\/a>sera ouvert pour les festivaliers <\/strong>(<em>mais pas gratuit, hein !<\/em>)<\/p>\n\n\n\n<figure class=\"wp-block-gallery has-nested-images columns-default is-cropped wp-block-gallery-1 is-layout-flex wp-block-gallery-is-layout-flex\"><\/figure>\n\n\n\n<h2 class=\"wp-block-heading\">La vir\u00e9e \u00e0 Ouessant : 14 et 15 mai<\/h2>\n\n\n\n<p><em>La commune d&rsquo;Ouessant et Ouessant sports Loisirs se plient en quatre pour accueillir tous les musiciens et les festivaliers du jeudi au vendredi apr\u00e8s-midi ! <\/em><\/p>\n\n\n\n<h2 class=\"wp-block-heading\">Les affiches des \u00e9ditions pr\u00e9c\u00e9dentes<\/h2>\n\n\n\n<figure class=\"wp-block-gallery has-nested-images columns-default is-cropped wp-block-gallery-2 is-layout-flex wp-block-gallery-is-layout-flex\">\n<figure class=\"wp-block-image size-large\"><a href=\"https:\/\/fanfare-zebaliz.com\/wp-content\/uploads\/2025\/04\/Affiche-Festival-2025.jpg\"><img loading=\"lazy\" decoding=\"async\" width=\"729\" height=\"1024\" data-id=\"1694\" src=\"https:\/\/fanfare-zebaliz.com\/wp-content\/uploads\/2025\/04\/Affiche-Festival-2025-729x1024.jpg\" alt=\"\" class=\"wp-image-1694\" srcset=\"https:\/\/fanfare-zebaliz.com\/wp-content\/uploads\/2025\/04\/Affiche-Festival-2025-729x1024.jpg 729w, https:\/\/fanfare-zebaliz.com\/wp-content\/uploads\/2025\/04\/Affiche-Festival-2025-427x600.jpg 427w, https:\/\/fanfare-zebaliz.com\/wp-content\/uploads\/2025\/04\/Affiche-Festival-2025-768x1079.jpg 768w, https:\/\/fanfare-zebaliz.com\/wp-content\/uploads\/2025\/04\/Affiche-Festival-2025-1094x1536.jpg 1094w, https:\/\/fanfare-zebaliz.com\/wp-content\/uploads\/2025\/04\/Affiche-Festival-2025-1458x2048.jpg 1458w, https:\/\/fanfare-zebaliz.com\/wp-content\/uploads\/2025\/04\/Affiche-Festival-2025.jpg 1693w\" sizes=\"auto, (max-width: 729px) 100vw, 729px\" \/><\/a><\/figure>\n\n\n\n<figure class=\"wp-block-image size-large is-style-default\"><a href=\"https:\/\/fanfare-zebaliz.com\/wp-content\/uploads\/2025\/04\/Affiche-Festival-2024.png\" target=\"_blank\" rel=\" noreferrer noopener\"><img loading=\"lazy\" decoding=\"async\" width=\"511\" height=\"770\" data-id=\"1677\" src=\"https:\/\/fanfare-zebaliz.com\/wp-content\/uploads\/2025\/04\/Affiche-Festival-2024.png\" alt=\"\" class=\"wp-image-1677\" srcset=\"https:\/\/fanfare-zebaliz.com\/wp-content\/uploads\/2025\/04\/Affiche-Festival-2024.png 511w, https:\/\/fanfare-zebaliz.com\/wp-content\/uploads\/2025\/04\/Affiche-Festival-2024-398x600.png 398w\" sizes=\"auto, (max-width: 511px) 100vw, 511px\" \/><\/a><\/figure>\n\n\n\n<figure class=\"wp-block-image size-large\"><a href=\"https:\/\/fanfare-zebaliz.com\/wp-content\/uploads\/2023\/10\/Fanfares-Festival-2023_affiche-vf.jpg\"><img loading=\"lazy\" decoding=\"async\" width=\"724\" height=\"1024\" data-id=\"1257\" src=\"https:\/\/fanfare-zebaliz.com\/wp-content\/uploads\/2023\/10\/Fanfares-Festival-2023_affiche-vf-724x1024.jpg\" alt=\"\" class=\"wp-image-1257\" srcset=\"https:\/\/fanfare-zebaliz.com\/wp-content\/uploads\/2023\/10\/Fanfares-Festival-2023_affiche-vf-724x1024.jpg 724w, https:\/\/fanfare-zebaliz.com\/wp-content\/uploads\/2023\/10\/Fanfares-Festival-2023_affiche-vf-424x600.jpg 424w, https:\/\/fanfare-zebaliz.com\/wp-content\/uploads\/2023\/10\/Fanfares-Festival-2023_affiche-vf-768x1086.jpg 768w, https:\/\/fanfare-zebaliz.com\/wp-content\/uploads\/2023\/10\/Fanfares-Festival-2023_affiche-vf-1086x1536.jpg 1086w, https:\/\/fanfare-zebaliz.com\/wp-content\/uploads\/2023\/10\/Fanfares-Festival-2023_affiche-vf.jpg 1270w\" sizes=\"auto, (max-width: 724px) 100vw, 724px\" \/><\/a><\/figure>\n\n\n\n<figure class=\"wp-block-image size-large\"><a href=\"https:\/\/fanfare-zebaliz.com\/wp-content\/uploads\/2023\/11\/Affiche-Festival-2022_b.jpg\"><img loading=\"lazy\" decoding=\"async\" width=\"724\" height=\"1024\" data-id=\"1478\" src=\"https:\/\/fanfare-zebaliz.com\/wp-content\/uploads\/2023\/11\/Affiche-Festival-2022_b-724x1024.jpg\" alt=\"\" class=\"wp-image-1478\" srcset=\"https:\/\/fanfare-zebaliz.com\/wp-content\/uploads\/2023\/11\/Affiche-Festival-2022_b-724x1024.jpg 724w, https:\/\/fanfare-zebaliz.com\/wp-content\/uploads\/2023\/11\/Affiche-Festival-2022_b-424x600.jpg 424w, https:\/\/fanfare-zebaliz.com\/wp-content\/uploads\/2023\/11\/Affiche-Festival-2022_b-768x1086.jpg 768w, https:\/\/fanfare-zebaliz.com\/wp-content\/uploads\/2023\/11\/Affiche-Festival-2022_b.jpg 886w\" sizes=\"auto, (max-width: 724px) 100vw, 724px\" \/><\/a><\/figure>\n\n\n\n<figure class=\"wp-block-image size-large\"><a href=\"https:\/\/fanfare-zebaliz.com\/wp-content\/uploads\/2020\/04\/Fanfares-2019.jpg\"><img loading=\"lazy\" decoding=\"async\" width=\"203\" height=\"300\" data-id=\"1187\" src=\"https:\/\/fanfare-zebaliz.com\/wp-content\/uploads\/2020\/04\/Fanfares-2019.jpg\" alt=\"\" class=\"wp-image-1187\"\/><\/a><\/figure>\n\n\n\n<figure class=\"wp-block-image size-large\"><a href=\"https:\/\/fanfare-zebaliz.com\/wp-content\/uploads\/2020\/04\/Fanfares-2018.jpg\"><img loading=\"lazy\" decoding=\"async\" width=\"204\" height=\"300\" data-id=\"1186\" src=\"https:\/\/fanfare-zebaliz.com\/wp-content\/uploads\/2020\/04\/Fanfares-2018.jpg\" alt=\"\" class=\"wp-image-1186\"\/><\/a><\/figure>\n\n\n\n<figure class=\"wp-block-image size-large\"><a href=\"https:\/\/fanfare-zebaliz.com\/wp-content\/uploads\/2020\/04\/Fanfares-2017.jpg\"><img loading=\"lazy\" decoding=\"async\" width=\"205\" height=\"300\" data-id=\"1185\" src=\"https:\/\/fanfare-zebaliz.com\/wp-content\/uploads\/2020\/04\/Fanfares-2017.jpg\" alt=\"\" class=\"wp-image-1185\"\/><\/a><\/figure>\n\n\n\n<figure class=\"wp-block-image size-large\"><a href=\"https:\/\/fanfare-zebaliz.com\/wp-content\/uploads\/2020\/04\/Fanfares-2016.jpg\"><img loading=\"lazy\" decoding=\"async\" width=\"212\" height=\"300\" data-id=\"1184\" src=\"https:\/\/fanfare-zebaliz.com\/wp-content\/uploads\/2020\/04\/Fanfares-2016.jpg\" alt=\"\" class=\"wp-image-1184\"\/><\/a><\/figure>\n\n\n\n<figure class=\"wp-block-image size-large\"><a href=\"https:\/\/fanfare-zebaliz.com\/wp-content\/uploads\/2020\/04\/Fanfares-2015.jpg\"><img loading=\"lazy\" decoding=\"async\" width=\"205\" height=\"300\" data-id=\"1183\" src=\"https:\/\/fanfare-zebaliz.com\/wp-content\/uploads\/2020\/04\/Fanfares-2015.jpg\" alt=\"\" class=\"wp-image-1183\"\/><\/a><\/figure>\n\n\n\n<figure class=\"wp-block-image size-large\"><a href=\"https:\/\/fanfare-zebaliz.com\/wp-content\/uploads\/2020\/04\/Fanfares-2014.jpg\"><img loading=\"lazy\" decoding=\"async\" width=\"213\" height=\"300\" data-id=\"1182\" src=\"https:\/\/fanfare-zebaliz.com\/wp-content\/uploads\/2020\/04\/Fanfares-2014.jpg\" alt=\"\" class=\"wp-image-1182\"\/><\/a><\/figure>\n\n\n\n<figure class=\"wp-block-image size-large\"><a href=\"https:\/\/fanfare-zebaliz.com\/wp-content\/uploads\/2020\/04\/Fanfares-2013.jpg\"><img loading=\"lazy\" decoding=\"async\" width=\"213\" height=\"300\" data-id=\"1181\" src=\"https:\/\/fanfare-zebaliz.com\/wp-content\/uploads\/2020\/04\/Fanfares-2013.jpg\" alt=\"\" class=\"wp-image-1181\"\/><\/a><\/figure>\n\n\n\n<figure class=\"wp-block-image size-large\"><a href=\"https:\/\/fanfare-zebaliz.com\/wp-content\/uploads\/2020\/04\/Fanfares-2012b.jpg\"><img loading=\"lazy\" decoding=\"async\" width=\"212\" height=\"300\" data-id=\"1180\" src=\"https:\/\/fanfare-zebaliz.com\/wp-content\/uploads\/2020\/04\/Fanfares-2012b.jpg\" alt=\"\" class=\"wp-image-1180\"\/><\/a><\/figure>\n\n\n\n<figure class=\"wp-block-image size-large\"><a href=\"https:\/\/fanfare-zebaliz.com\/wp-content\/uploads\/2020\/04\/Fanfares-2012.jpg\"><img loading=\"lazy\" decoding=\"async\" width=\"213\" height=\"300\" data-id=\"1179\" src=\"https:\/\/fanfare-zebaliz.com\/wp-content\/uploads\/2020\/04\/Fanfares-2012.jpg\" alt=\"\" class=\"wp-image-1179\"\/><\/a><\/figure>\n\n\n\n<figure class=\"wp-block-image size-large\"><a href=\"https:\/\/fanfare-zebaliz.com\/wp-content\/uploads\/2020\/04\/Fanfares-2011.jpg\"><img loading=\"lazy\" decoding=\"async\" width=\"207\" height=\"300\" data-id=\"1178\" src=\"https:\/\/fanfare-zebaliz.com\/wp-content\/uploads\/2020\/04\/Fanfares-2011.jpg\" alt=\"\" class=\"wp-image-1178\"\/><\/a><\/figure>\n\n\n\n<figure class=\"wp-block-image size-large\"><a href=\"https:\/\/fanfare-zebaliz.com\/wp-content\/uploads\/2020\/04\/Fanfares-2010.jpg\"><img loading=\"lazy\" decoding=\"async\" width=\"206\" height=\"300\" data-id=\"1177\" src=\"https:\/\/fanfare-zebaliz.com\/wp-content\/uploads\/2020\/04\/Fanfares-2010.jpg\" alt=\"\" class=\"wp-image-1177\"\/><\/a><\/figure>\n\n\n\n<figure class=\"wp-block-image size-large\"><a href=\"https:\/\/fanfare-zebaliz.com\/wp-content\/uploads\/2020\/04\/Fanfares-2009b.jpg\"><img loading=\"lazy\" decoding=\"async\" width=\"207\" height=\"300\" data-id=\"1176\" src=\"https:\/\/fanfare-zebaliz.com\/wp-content\/uploads\/2020\/04\/Fanfares-2009b.jpg\" alt=\"\" class=\"wp-image-1176\"\/><\/a><\/figure>\n\n\n\n<figure class=\"wp-block-image size-large\"><a href=\"https:\/\/fanfare-zebaliz.com\/wp-content\/uploads\/2020\/04\/Fanfares-2009.jpg\"><img loading=\"lazy\" decoding=\"async\" width=\"205\" height=\"300\" data-id=\"1175\" src=\"https:\/\/fanfare-zebaliz.com\/wp-content\/uploads\/2020\/04\/Fanfares-2009.jpg\" alt=\"\" class=\"wp-image-1175\"\/><\/a><\/figure>\n\n\n\n<figure class=\"wp-block-image size-large\"><a href=\"https:\/\/fanfare-zebaliz.com\/wp-content\/uploads\/2020\/04\/Fanfares-2008.jpg\"><img loading=\"lazy\" decoding=\"async\" width=\"206\" height=\"300\" data-id=\"1174\" src=\"https:\/\/fanfare-zebaliz.com\/wp-content\/uploads\/2020\/04\/Fanfares-2008.jpg\" alt=\"\" class=\"wp-image-1174\"\/><\/a><\/figure>\n\n\n\n<figure class=\"wp-block-image size-large\"><a href=\"https:\/\/fanfare-zebaliz.com\/wp-content\/uploads\/2020\/04\/Fanfares-2007.jpg\"><img loading=\"lazy\" decoding=\"async\" width=\"239\" height=\"300\" data-id=\"1173\" src=\"https:\/\/fanfare-zebaliz.com\/wp-content\/uploads\/2020\/04\/Fanfares-2007.jpg\" alt=\"\" class=\"wp-image-1173\"\/><\/a><\/figure>\n\n\n\n<figure class=\"wp-block-image size-large\"><a href=\"https:\/\/fanfare-zebaliz.com\/wp-content\/uploads\/2020\/04\/Fanfares-2006.jpg\"><img loading=\"lazy\" decoding=\"async\" width=\"204\" height=\"300\" data-id=\"1172\" src=\"https:\/\/fanfare-zebaliz.com\/wp-content\/uploads\/2020\/04\/Fanfares-2006.jpg\" alt=\"\" class=\"wp-image-1172\"\/><\/a><\/figure>\n\n\n\n<figure class=\"wp-block-image size-large\"><a href=\"https:\/\/fanfare-zebaliz.com\/wp-content\/uploads\/2020\/04\/Fanfares-2005.jpg\"><img loading=\"lazy\" decoding=\"async\" width=\"120\" height=\"300\" data-id=\"1171\" src=\"https:\/\/fanfare-zebaliz.com\/wp-content\/uploads\/2020\/04\/Fanfares-2005.jpg\" alt=\"\" class=\"wp-image-1171\"\/><\/a><\/figure>\n\n\n\n<figure class=\"wp-block-image size-large\"><a href=\"https:\/\/fanfare-zebaliz.com\/wp-content\/uploads\/2020\/04\/Fanfares-2004.jpg\"><img loading=\"lazy\" decoding=\"async\" width=\"209\" height=\"300\" data-id=\"1170\" src=\"https:\/\/fanfare-zebaliz.com\/wp-content\/uploads\/2020\/04\/Fanfares-2004.jpg\" alt=\"\" class=\"wp-image-1170\"\/><\/a><\/figure>\n<\/figure>\n\n\n\n<p><\/p>\n\n\n\n<p><\/p>\n\n\n\n<p><\/p>\n\n\n\n<p><\/p>\n","protected":false},"excerpt":{"rendered":"<p>En 2026, une nouvelle \u00e9dition du Festival se pr\u00e9pare Apr\u00e8s une \u00e9dition encore incroyable en 2025, on a agrandi l&rsquo;\u00e9quipe qui organise le festival &#8230; Cette ann\u00e9e, la fanfare Z\u00e9baliz , Fanfarna\u00fcm, les Simili Cuivres, De si d&rsquo;Eusa et \u00e9videmment l&rsquo;OSL (Ouessant Sports Loisirs) et les incontournables villes de Brest [&hellip;]<\/p>\n","protected":false},"author":1,"featured_media":0,"parent":0,"menu_order":0,"comment_status":"closed","ping_status":"closed","template":"","meta":{"footnotes":""},"class_list":["post-1136","page","type-page","status-publish","hentry"],"_links":{"self":[{"href":"https:\/\/fanfare-zebaliz.com\/index.php\/wp-json\/wp\/v2\/pages\/1136","targetHints":{"allow":["GET"]}}],"collection":[{"href":"https:\/\/fanfare-zebaliz.com\/index.php\/wp-json\/wp\/v2\/pages"}],"about":[{"href":"https:\/\/fanfare-zebaliz.com\/index.php\/wp-json\/wp\/v2\/types\/page"}],"author":[{"embeddable":true,"href":"https:\/\/fanfare-zebaliz.com\/index.php\/wp-json\/wp\/v2\/users\/1"}],"replies":[{"embeddable":true,"href":"https:\/\/fanfare-zebaliz.com\/index.php\/wp-json\/wp\/v2\/comments?post=1136"}],"version-history":[{"count":118,"href":"https:\/\/fanfare-zebaliz.com\/index.php\/wp-json\/wp\/v2\/pages\/1136\/revisions"}],"predecessor-version":[{"id":1799,"href":"https:\/\/fanfare-zebaliz.com\/index.php\/wp-json\/wp\/v2\/pages\/1136\/revisions\/1799"}],"wp:attachment":[{"href":"https:\/\/fanfare-zebaliz.com\/index.php\/wp-json\/wp\/v2\/media?parent=1136"}],"curies":[{"name":"wp","href":"https:\/\/api.w.org\/{rel}","templated":true}]}}